{"id":854,"date":"2021-07-06T13:04:48","date_gmt":"2021-07-06T11:04:48","guid":{"rendered":"https:\/\/ossiachersee-schifffahrt.at\/?page_id=854"},"modified":"2022-07-18T10:16:23","modified_gmt":"2022-07-18T08:16:23","slug":"die-schiffe-von-oss","status":"publish","type":"page","link":"https:\/\/ossiachersee-schifffahrt.at\/en\/die-schiffe-von-oss\/","title":{"rendered":"About us"},"content":{"rendered":"<div data-elementor-type=\"wp-page\" data-elementor-id=\"854\" class=\"elementor elementor-854\">\n\t\t\t\t\t\t<section class=\"elementor-section elementor-top-section elementor-element elementor-element-fc8fffe elementor-section-full_width elementor-section-stretched elementor-section-height-default elementor-section-height-default\" data-id=\"fc8fffe\" data-element_type=\"section\" data-e-type=\"section\" data-settings=\"{&quot;background_background&quot;:&quot;classic&quot;,&quot;animation&quot;:&quot;none&quot;,&quot;stretch_section&quot;:&quot;section-stretched&quot;}\">\n\t\t\t\t\t\t\t<div class=\"elementor-background-overlay\"><\/div>\n\t\t\t\t\t\t\t<div class=\"elementor-container elementor-column-gap-default\">\n\t\t\t\t\t<div class=\"elementor-column elementor-col-33 elementor-top-column elementor-element elementor-element-4ce2c53\" data-id=\"4ce2c53\" data-element_type=\"column\" data-e-type=\"column\">\n\t\t\t<div class=\"elementor-widget-wrap\">\n\t\t\t\t\t\t\t<\/div>\n\t\t<\/div>\n\t\t\t\t<div class=\"elementor-column elementor-col-33 elementor-top-column elementor-element elementor-element-c183325\" data-id=\"c183325\" data-element_type=\"column\" data-e-type=\"column\">\n\t\t\t<div class=\"elementor-widget-wrap elementor-element-populated\">\n\t\t\t\t\t\t<div class=\"elementor-element elementor-element-2732c0e eael-dual-header-content-align-center elementor-widget elementor-widget-eael-dual-color-header\" data-id=\"2732c0e\" data-element_type=\"widget\" data-e-type=\"widget\" data-widget_type=\"eael-dual-color-header.default\">\n\t\t\t\t<div class=\"elementor-widget-container\">\n\t\t\t\t\t\t\t\t<div class=\"eael-dual-header\">\n\t\t\t\t<h2 class=\"title eael-dch-title\"><span class=\"eael-dch-title-text eael-dch-title-lead lead solid-color\">Die Schiffe<\/span> <span class=\"eael-dch-title-text\">von Oss<\/span><\/h2>\t\t\t<\/div>\n\n\t\t\t\t\t\t<\/div>\n\t\t\t\t<\/div>\n\t\t\t\t\t<\/div>\n\t\t<\/div>\n\t\t\t\t<div class=\"elementor-column elementor-col-33 elementor-top-column elementor-element elementor-element-ef08b48\" data-id=\"ef08b48\" data-element_type=\"column\" data-e-type=\"column\">\n\t\t\t<div class=\"elementor-widget-wrap\">\n\t\t\t\t\t\t\t<\/div>\n\t\t<\/div>\n\t\t\t\t\t<\/div>\n\t\t<\/section>\n\t\t\t\t<section class=\"elementor-section elementor-top-section elementor-element elementor-element-306b1d9 elementor-section-boxed elementor-section-height-default elementor-section-height-default\" data-id=\"306b1d9\" data-element_type=\"section\" data-e-type=\"section\">\n\t\t\t\t\t\t<div class=\"elementor-container elementor-column-gap-default\">\n\t\t\t\t\t<div class=\"elementor-column elementor-col-100 elementor-top-column elementor-element elementor-element-74f11c8\" data-id=\"74f11c8\" data-element_type=\"column\" data-e-type=\"column\">\n\t\t\t<div class=\"elementor-widget-wrap elementor-element-populated\">\n\t\t\t\t\t\t<div class=\"elementor-element elementor-element-e1ce134 elementor-widget elementor-widget-text-editor\" data-id=\"e1ce134\" data-element_type=\"widget\" data-e-type=\"widget\" data-widget_type=\"text-editor.default\">\n\t\t\t\t<div class=\"elementor-widget-container\">\n\t\t\t\t\t\t\t\t\t<p>The <strong>Familie Nageler<\/strong> betreibt die Schifffahrt am Ossiachersee bereits <strong>seit 1957.\u00a0<\/strong><\/p><p><strong>Die Flotte<\/strong> der Nageler Schifffahrt am Ossiachersee besteht seit 2020 aus zwei modernen, gro\u00dfen Schiffen: Der MS Ossiach und der MS Gerlitze.\u00a0<br \/>Bis 2019 war die MS Gerlitze auf der Drau in Villach unterwegs. Nun hat sie endlich ihr urspr\u00fcngliches Bestimmungsziel erreicht und verst\u00e4rkt die Schifffahrt am See im Sommer mit zus\u00e4tzlichen Linienkursen sowie in der Nebensaison als Event- und Charterschiff.\u00a0<\/p>\t\t\t\t\t\t\t\t<\/div>\n\t\t\t\t<\/div>\n\t\t\t\t\t<\/div>\n\t\t<\/div>\n\t\t\t\t\t<\/div>\n\t\t<\/section>\n\t\t\t\t<section class=\"elementor-section elementor-top-section elementor-element elementor-element-f755318 elementor-section-boxed elementor-section-height-default elementor-section-height-default\" data-id=\"f755318\" data-element_type=\"section\" data-e-type=\"section\">\n\t\t\t\t\t\t<div class=\"elementor-container elementor-column-gap-default\">\n\t\t\t\t\t<div class=\"elementor-column elementor-col-50 elementor-top-column elementor-element elementor-element-b9d9686\" data-id=\"b9d9686\" data-element_type=\"column\" data-e-type=\"column\" data-settings=\"{&quot;background_background&quot;:&quot;gradient&quot;}\">\n\t\t\t<div class=\"elementor-widget-wrap elementor-element-populated\">\n\t\t\t\t\t\t<div class=\"elementor-element elementor-element-8fa6c97 elementor-widget elementor-widget-heading\" data-id=\"8fa6c97\" data-element_type=\"widget\" data-e-type=\"widget\" data-widget_type=\"heading.default\">\n\t\t\t\t<div class=\"elementor-widget-container\">\n\t\t\t\t\t<h2 class=\"elementor-heading-title elementor-size-default\">MS Ossiach<\/h2>\t\t\t\t<\/div>\n\t\t\t\t<\/div>\n\t\t\t\t<div class=\"elementor-element elementor-element-f992751 elementor-hidden-phone elementor-widget elementor-widget-image\" data-id=\"f992751\" data-element_type=\"widget\" data-e-type=\"widget\" data-widget_type=\"image.default\">\n\t\t\t\t<div class=\"elementor-widget-container\">\n\t\t\t\t\t\t\t\t\t\t\t\t\t\t\t<img fetchpriority=\"high\" decoding=\"async\" width=\"300\" height=\"200\" src=\"https:\/\/ossiachersee-schifffahrt.at\/wp-content\/uploads\/2021\/07\/OSS-freigestellt-3-300x200.png\" class=\"attachment-medium size-medium wp-image-858\" alt=\"\" srcset=\"https:\/\/ossiachersee-schifffahrt.at\/wp-content\/uploads\/2021\/07\/OSS-freigestellt-3-300x200.png 300w, https:\/\/ossiachersee-schifffahrt.at\/wp-content\/uploads\/2021\/07\/OSS-freigestellt-3-1024x683.png 1024w, https:\/\/ossiachersee-schifffahrt.at\/wp-content\/uploads\/2021\/07\/OSS-freigestellt-3-768x512.png 768w, https:\/\/ossiachersee-schifffahrt.at\/wp-content\/uploads\/2021\/07\/OSS-freigestellt-3-1536x1024.png 1536w, https:\/\/ossiachersee-schifffahrt.at\/wp-content\/uploads\/2021\/07\/OSS-freigestellt-3-2048x1365.png 2048w\" sizes=\"(max-width: 300px) 100vw, 300px\" \/>\t\t\t\t\t\t\t\t\t\t\t\t\t\t\t<\/div>\n\t\t\t\t<\/div>\n\t\t\t\t<div class=\"elementor-element elementor-element-70277c2 elementor-widget elementor-widget-text-editor\" data-id=\"70277c2\" data-element_type=\"widget\" data-e-type=\"widget\" data-widget_type=\"text-editor.default\">\n\t\t\t\t<div class=\"elementor-widget-container\">\n\t\t\t\t\t\t\t\t\t<p><strong>Baujahr:<\/strong> 1989<br \/>Hydraulisch hebbarer Bug mit Einstiegsgangway<br \/><strong>L\u00e4nge:<\/strong> 32m<br \/><strong>Breite:<\/strong> 7m<br \/><strong>Sitzpl\u00e4tze f\u00fcr ca. 280 Personen\u00a0<\/strong><br \/>(Salon: 130, Freideck: 150)<br \/><strong>Ausstattung:<\/strong> Bordgastronomie, Rollstuhlgerechtes WC, Funk, Radio, Bordsprech- &amp; Musikanlage, Heizung, Kinderspielturm, Babywickeltisch<\/p><p><strong>Die Geschichte der MS Ossiach in Bildern:<\/strong><\/p>\t\t\t\t\t\t\t\t<\/div>\n\t\t\t\t<\/div>\n\t\t\t\t<div class=\"elementor-element elementor-element-914bc31 elementor-arrows-position-inside elementor-pagination-position-outside elementor-widget elementor-widget-image-carousel\" data-id=\"914bc31\" data-element_type=\"widget\" data-e-type=\"widget\" data-settings=\"{&quot;navigation&quot;:&quot;both&quot;,&quot;autoplay&quot;:&quot;yes&quot;,&quot;pause_on_hover&quot;:&quot;yes&quot;,&quot;pause_on_interaction&quot;:&quot;yes&quot;,&quot;autoplay_speed&quot;:5000,&quot;infinite&quot;:&quot;yes&quot;,&quot;speed&quot;:500}\" data-widget_type=\"image-carousel.default\">\n\t\t\t\t<div class=\"elementor-widget-container\">\n\t\t\t\t\t\t\t<div class=\"elementor-image-carousel-wrapper swiper\" role=\"region\" aria-roledescription=\"carousel\" aria-label=\"Bild Karussell\" dir=\"ltr\">\n\t\t\t<div class=\"elementor-image-carousel swiper-wrapper\" aria-live=\"off\">\n\t\t\t\t\t\t\t\t<div class=\"swiper-slide\" role=\"group\" aria-roledescription=\"slide\" aria-label=\"1 von 8\"><a data-elementor-open-lightbox=\"yes\" data-elementor-lightbox-slideshow=\"914bc31\" data-elementor-lightbox-title=\"Bau MS Ossiach\" data-e-action-hash=\"#elementor-action%3Aaction%3Dlightbox%26settings%3DeyJpZCI6ODY1LCJ1cmwiOiJodHRwczpcL1wvb3NzaWFjaGVyc2VlLXNjaGlmZmZhaHJ0LmF0XC93cC1jb250ZW50XC91cGxvYWRzXC8yMDIxXC8wN1wvUElDVDAzNTMtc2NhbGVkLmpwZyIsInNsaWRlc2hvdyI6IjkxNGJjMzEifQ%3D%3D\" href=\"https:\/\/ossiachersee-schifffahrt.at\/wp-content\/uploads\/2021\/07\/PICT0353-scaled.jpg\"><figure class=\"swiper-slide-inner\"><img decoding=\"async\" class=\"swiper-slide-image\" src=\"https:\/\/ossiachersee-schifffahrt.at\/wp-content\/uploads\/2021\/07\/PICT0353-150x150.jpg\" alt=\"Die MS Ossiach wurde 1989 von der LUX Werft gebaut\" \/><figcaption class=\"elementor-image-carousel-caption\">Die MS Ossiach wurde 1989 von der LUX Werft gebaut<\/figcaption><\/figure><\/a><\/div><div class=\"swiper-slide\" role=\"group\" aria-roledescription=\"slide\" aria-label=\"2 von 8\"><a data-elementor-open-lightbox=\"yes\" data-elementor-lightbox-slideshow=\"914bc31\" data-elementor-lightbox-title=\"Transport der MS Ossiach\" data-e-action-hash=\"#elementor-action%3Aaction%3Dlightbox%26settings%3DeyJpZCI6ODY3LCJ1cmwiOiJodHRwczpcL1wvb3NzaWFjaGVyc2VlLXNjaGlmZmZhaHJ0LmF0XC93cC1jb250ZW50XC91cGxvYWRzXC8yMDIxXC8wN1wvUElDVDA0ODItc2NhbGVkLmpwZyIsInNsaWRlc2hvdyI6IjkxNGJjMzEifQ%3D%3D\" href=\"https:\/\/ossiachersee-schifffahrt.at\/wp-content\/uploads\/2021\/07\/PICT0482-scaled.jpg\"><figure class=\"swiper-slide-inner\"><img decoding=\"async\" class=\"swiper-slide-image\" src=\"https:\/\/ossiachersee-schifffahrt.at\/wp-content\/uploads\/2021\/07\/PICT0482-150x150.jpg\" alt=\"Transport der MS Ossiach\" \/><figcaption class=\"elementor-image-carousel-caption\">Transport der MS Ossiach<\/figcaption><\/figure><\/a><\/div><div class=\"swiper-slide\" role=\"group\" aria-roledescription=\"slide\" aria-label=\"3 von 8\"><a data-elementor-open-lightbox=\"yes\" data-elementor-lightbox-slideshow=\"914bc31\" data-elementor-lightbox-title=\"MS Ossiach f\u00e4hrt zum Ossiachersee\" data-e-action-hash=\"#elementor-action%3Aaction%3Dlightbox%26settings%3DeyJpZCI6ODY4LCJ1cmwiOiJodHRwczpcL1wvb3NzaWFjaGVyc2VlLXNjaGlmZmZhaHJ0LmF0XC93cC1jb250ZW50XC91cGxvYWRzXC8yMDIxXC8wN1wvUElDVDA0ODQtc2NhbGVkLmpwZyIsInNsaWRlc2hvdyI6IjkxNGJjMzEifQ%3D%3D\" href=\"https:\/\/ossiachersee-schifffahrt.at\/wp-content\/uploads\/2021\/07\/PICT0484-scaled.jpg\"><figure class=\"swiper-slide-inner\"><img decoding=\"async\" class=\"swiper-slide-image\" src=\"https:\/\/ossiachersee-schifffahrt.at\/wp-content\/uploads\/2021\/07\/PICT0484-150x150.jpg\" alt=\"MS Ossiach f\u00e4hrt zum Ossiachersee\" \/><\/figure><\/a><\/div><div class=\"swiper-slide\" role=\"group\" aria-roledescription=\"slide\" aria-label=\"4 von 8\"><a data-elementor-open-lightbox=\"yes\" data-elementor-lightbox-slideshow=\"914bc31\" data-elementor-lightbox-title=\"Transport MS Ossiach 2\" data-e-action-hash=\"#elementor-action%3Aaction%3Dlightbox%26settings%3DeyJpZCI6ODY5LCJ1cmwiOiJodHRwczpcL1wvb3NzaWFjaGVyc2VlLXNjaGlmZmZhaHJ0LmF0XC93cC1jb250ZW50XC91cGxvYWRzXC8yMDIxXC8wN1wvUElDVDA1NDEtc2NhbGVkLmpwZyIsInNsaWRlc2hvdyI6IjkxNGJjMzEifQ%3D%3D\" href=\"https:\/\/ossiachersee-schifffahrt.at\/wp-content\/uploads\/2021\/07\/PICT0541-scaled.jpg\"><figure class=\"swiper-slide-inner\"><img decoding=\"async\" class=\"swiper-slide-image\" src=\"https:\/\/ossiachersee-schifffahrt.at\/wp-content\/uploads\/2021\/07\/PICT0541-150x150.jpg\" alt=\"Transport MS Ossiach 2\" \/><\/figure><\/a><\/div><div class=\"swiper-slide\" role=\"group\" aria-roledescription=\"slide\" aria-label=\"5 von 8\"><a data-elementor-open-lightbox=\"yes\" data-elementor-lightbox-slideshow=\"914bc31\" data-elementor-lightbox-title=\"Wassern der MS Ossiach\" data-e-action-hash=\"#elementor-action%3Aaction%3Dlightbox%26settings%3DeyJpZCI6ODcwLCJ1cmwiOiJodHRwczpcL1wvb3NzaWFjaGVyc2VlLXNjaGlmZmZhaHJ0LmF0XC93cC1jb250ZW50XC91cGxvYWRzXC8yMDIxXC8wN1wvUElDVDA2MDctc2NhbGVkLmpwZyIsInNsaWRlc2hvdyI6IjkxNGJjMzEifQ%3D%3D\" href=\"https:\/\/ossiachersee-schifffahrt.at\/wp-content\/uploads\/2021\/07\/PICT0607-scaled.jpg\"><figure class=\"swiper-slide-inner\"><img decoding=\"async\" class=\"swiper-slide-image\" src=\"https:\/\/ossiachersee-schifffahrt.at\/wp-content\/uploads\/2021\/07\/PICT0607-150x150.jpg\" alt=\"Ab in den See\" \/><figcaption class=\"elementor-image-carousel-caption\">Ab in den See<\/figcaption><\/figure><\/a><\/div><div class=\"swiper-slide\" role=\"group\" aria-roledescription=\"slide\" aria-label=\"6 von 8\"><a data-elementor-open-lightbox=\"yes\" data-elementor-lightbox-slideshow=\"914bc31\" data-elementor-lightbox-title=\"Taufe MS Ossiach\" data-e-action-hash=\"#elementor-action%3Aaction%3Dlightbox%26settings%3DeyJpZCI6ODcxLCJ1cmwiOiJodHRwczpcL1wvb3NzaWFjaGVyc2VlLXNjaGlmZmZhaHJ0LmF0XC93cC1jb250ZW50XC91cGxvYWRzXC8yMDIxXC8wN1wvUElDVDA2MzMtc2NhbGVkLmpwZyIsInNsaWRlc2hvdyI6IjkxNGJjMzEifQ%3D%3D\" href=\"https:\/\/ossiachersee-schifffahrt.at\/wp-content\/uploads\/2021\/07\/PICT0633-scaled.jpg\"><figure class=\"swiper-slide-inner\"><img decoding=\"async\" class=\"swiper-slide-image\" src=\"https:\/\/ossiachersee-schifffahrt.at\/wp-content\/uploads\/2021\/07\/PICT0633-150x150.jpg\" alt=\"Taufe\" \/><figcaption class=\"elementor-image-carousel-caption\">Taufe<\/figcaption><\/figure><\/a><\/div><div class=\"swiper-slide\" role=\"group\" aria-roledescription=\"slide\" aria-label=\"7 von 8\"><a data-elementor-open-lightbox=\"yes\" data-elementor-lightbox-slideshow=\"914bc31\" data-elementor-lightbox-title=\"Erste Fahrten am See MS OSS\" data-e-action-hash=\"#elementor-action%3Aaction%3Dlightbox%26settings%3DeyJpZCI6ODcyLCJ1cmwiOiJodHRwczpcL1wvb3NzaWFjaGVyc2VlLXNjaGlmZmZhaHJ0LmF0XC93cC1jb250ZW50XC91cGxvYWRzXC8yMDIxXC8wN1wvUElDVDA3MjEtMi1zY2FsZWQuanBnIiwic2xpZGVzaG93IjoiOTE0YmMzMSJ9\" href=\"https:\/\/ossiachersee-schifffahrt.at\/wp-content\/uploads\/2021\/07\/PICT0721-2-scaled.jpg\"><figure class=\"swiper-slide-inner\"><img decoding=\"async\" class=\"swiper-slide-image\" src=\"https:\/\/ossiachersee-schifffahrt.at\/wp-content\/uploads\/2021\/07\/PICT0721-2-150x150.jpg\" alt=\"Erste Fahrten\" \/><figcaption class=\"elementor-image-carousel-caption\">Erste Fahrten<\/figcaption><\/figure><\/a><\/div><div class=\"swiper-slide\" role=\"group\" aria-roledescription=\"slide\" aria-label=\"8 von 8\"><a data-elementor-open-lightbox=\"yes\" data-elementor-lightbox-slideshow=\"914bc31\" data-elementor-lightbox-title=\"joe 2003-07-05_0029\" data-e-action-hash=\"#elementor-action%3Aaction%3Dlightbox%26settings%3DeyJpZCI6ODczLCJ1cmwiOiJodHRwczpcL1wvb3NzaWFjaGVyc2VlLXNjaGlmZmZhaHJ0LmF0XC93cC1jb250ZW50XC91cGxvYWRzXC8yMDIxXC8wN1wvam9lLTIwMDMtMDctMDVfMDAyOS5qcGciLCJzbGlkZXNob3ciOiI5MTRiYzMxIn0%3D\" href=\"https:\/\/ossiachersee-schifffahrt.at\/wp-content\/uploads\/2021\/07\/joe-2003-07-05_0029.jpg\"><figure class=\"swiper-slide-inner\"><img decoding=\"async\" class=\"swiper-slide-image\" src=\"https:\/\/ossiachersee-schifffahrt.at\/wp-content\/uploads\/2021\/07\/joe-2003-07-05_0029-150x150.jpg\" alt=\"MS Ossiach und MS Villach 2003\" \/><figcaption class=\"elementor-image-carousel-caption\">MS Ossiach und MS Villach 2003<\/figcaption><\/figure><\/a><\/div>\t\t\t<\/div>\n\t\t\t\t\t\t\t\t\t\t\t\t<div class=\"elementor-swiper-button elementor-swiper-button-prev\" role=\"button\" tabindex=\"0\">\n\t\t\t\t\t\t<i aria-hidden=\"true\" class=\"eicon-chevron-left\"><\/i>\t\t\t\t\t<\/div>\n\t\t\t\t\t<div class=\"elementor-swiper-button elementor-swiper-button-next\" role=\"button\" tabindex=\"0\">\n\t\t\t\t\t\t<i aria-hidden=\"true\" class=\"eicon-chevron-right\"><\/i>\t\t\t\t\t<\/div>\n\t\t\t\t\n\t\t\t\t\t\t\t\t\t<div class=\"swiper-pagination\"><\/div>\n\t\t\t\t\t\t\t\t\t<\/div>\n\t\t\t\t\t\t<\/div>\n\t\t\t\t<\/div>\n\t\t\t\t\t<\/div>\n\t\t<\/div>\n\t\t\t\t<div class=\"elementor-column elementor-col-50 elementor-top-column elementor-element elementor-element-988c43a\" data-id=\"988c43a\" data-element_type=\"column\" data-e-type=\"column\" data-settings=\"{&quot;background_background&quot;:&quot;gradient&quot;}\">\n\t\t\t<div class=\"elementor-widget-wrap elementor-element-populated\">\n\t\t\t\t\t\t<div class=\"elementor-element elementor-element-e6cdbd3 elementor-widget elementor-widget-heading\" data-id=\"e6cdbd3\" data-element_type=\"widget\" data-e-type=\"widget\" data-widget_type=\"heading.default\">\n\t\t\t\t<div class=\"elementor-widget-container\">\n\t\t\t\t\t<h2 class=\"elementor-heading-title elementor-size-default\">MS Gerlitze<\/h2>\t\t\t\t<\/div>\n\t\t\t\t<\/div>\n\t\t\t\t<div class=\"elementor-element elementor-element-c368078 elementor-hidden-phone elementor-widget elementor-widget-image\" data-id=\"c368078\" data-element_type=\"widget\" data-e-type=\"widget\" data-widget_type=\"image.default\">\n\t\t\t\t<div class=\"elementor-widget-container\">\n\t\t\t\t\t\t\t\t\t\t\t\t\t\t\t<img decoding=\"async\" width=\"300\" height=\"108\" src=\"https:\/\/ossiachersee-schifffahrt.at\/wp-content\/uploads\/2021\/07\/MS-Gerlitze-freigestellt-1-300x108.png\" class=\"attachment-medium size-medium wp-image-857\" alt=\"\" srcset=\"https:\/\/ossiachersee-schifffahrt.at\/wp-content\/uploads\/2021\/07\/MS-Gerlitze-freigestellt-1-300x108.png 300w, https:\/\/ossiachersee-schifffahrt.at\/wp-content\/uploads\/2021\/07\/MS-Gerlitze-freigestellt-1-1024x370.png 1024w, https:\/\/ossiachersee-schifffahrt.at\/wp-content\/uploads\/2021\/07\/MS-Gerlitze-freigestellt-1-768x277.png 768w, https:\/\/ossiachersee-schifffahrt.at\/wp-content\/uploads\/2021\/07\/MS-Gerlitze-freigestellt-1-1536x555.png 1536w, https:\/\/ossiachersee-schifffahrt.at\/wp-content\/uploads\/2021\/07\/MS-Gerlitze-freigestellt-1-2048x740.png 2048w\" sizes=\"(max-width: 300px) 100vw, 300px\" \/>\t\t\t\t\t\t\t\t\t\t\t\t\t\t\t<\/div>\n\t\t\t\t<\/div>\n\t\t\t\t<div class=\"elementor-element elementor-element-b7a4d69 elementor-widget elementor-widget-text-editor\" data-id=\"b7a4d69\" data-element_type=\"widget\" data-e-type=\"widget\" data-widget_type=\"text-editor.default\">\n\t\t\t\t<div class=\"elementor-widget-container\">\n\t\t\t\t\t\t\t\t\t<p><strong>Baujahr:<\/strong> 1984, Modernisierung und Umbau 2019\/2020<br \/>Erstes Buglanderschiff \u00d6sterreichs<br \/><strong>L\u00e4nge:<\/strong>\u00a028m<br \/><strong>Breite:<\/strong>\u00a04,2m<br \/><strong>Sitzpl\u00e4tze f\u00fcr ca. 240 Personen\u00a0<\/strong><br \/>(Salon: 90, Freideck mit verschlie\u00dfbarem Panorama Dach: 130)<br \/><strong>Ausstattung:<\/strong> Bordgastronomie, WC, Funk, Radio, Bordsprech- &amp; Musikanlage, Heizung, Echolot, Kinderspielturm, Mobiles Panoramaglasdach &amp; Sonnensegel<\/p><p><strong>Der Weg an den See in Bildern:<\/strong><\/p>\t\t\t\t\t\t\t\t<\/div>\n\t\t\t\t<\/div>\n\t\t\t\t<div class=\"elementor-element elementor-element-800410c elementor-widget elementor-widget-video\" data-id=\"800410c\" data-element_type=\"widget\" data-e-type=\"widget\" data-settings=\"{&quot;youtube_url&quot;:&quot;https:\\\/\\\/www.youtube.com\\\/watch?v=4g1CWAAugB0&quot;,&quot;yt_privacy&quot;:&quot;yes&quot;,&quot;show_image_overlay&quot;:&quot;yes&quot;,&quot;image_overlay&quot;:{&quot;url&quot;:&quot;https:\\\/\\\/ossiachersee-schifffahrt.at\\\/wp-content\\\/uploads\\\/2021\\\/07\\\/2019-10-04-12.35.15.jpg&quot;,&quot;id&quot;:900,&quot;size&quot;:&quot;&quot;},&quot;video_type&quot;:&quot;youtube&quot;,&quot;controls&quot;:&quot;yes&quot;}\" data-widget_type=\"video.default\">\n\t\t\t\t<div class=\"elementor-widget-container\">\n\t\t\t\t\t\t\t<div class=\"elementor-wrapper elementor-open-inline\">\n\t\t\t<div class=\"elementor-video\"><\/div>\t\t\t\t<div class=\"elementor-custom-embed-image-overlay\" style=\"background-image: url(https:\/\/ossiachersee-schifffahrt.at\/wp-content\/uploads\/2021\/07\/2019-10-04-12.35.15.jpg);\">\n\t\t\t\t\t\t\t\t\t\t\t\t\t\t\t\t<div class=\"elementor-custom-embed-play\" role=\"button\" aria-label=\"Video abspielen\" tabindex=\"0\">\n\t\t\t\t\t\t\t<i aria-hidden=\"true\" class=\"eicon-play\"><\/i>\t\t\t\t\t\t<\/div>\n\t\t\t\t\t\t\t\t\t<\/div>\n\t\t\t\t\t<\/div>\n\t\t\t\t\t\t<\/div>\n\t\t\t\t<\/div>\n\t\t\t\t\t<\/div>\n\t\t<\/div>\n\t\t\t\t\t<\/div>\n\t\t<\/section>\n\t\t\t\t<section class=\"elementor-section elementor-top-section elementor-element elementor-element-19b7398 elementor-section-boxed elementor-section-height-default elementor-section-height-default\" data-id=\"19b7398\" data-element_type=\"section\" data-e-type=\"section\" id=\"drau\">\n\t\t\t\t\t\t<div class=\"elementor-container elementor-column-gap-default\">\n\t\t\t\t\t<div class=\"elementor-column elementor-col-100 elementor-top-column elementor-element elementor-element-3ef36ea\" data-id=\"3ef36ea\" data-element_type=\"column\" data-e-type=\"column\">\n\t\t\t<div class=\"elementor-widget-wrap elementor-element-populated\">\n\t\t\t\t\t\t<div class=\"elementor-element elementor-element-e4c2df9 elementor-widget elementor-widget-spacer\" data-id=\"e4c2df9\" data-element_type=\"widget\" data-e-type=\"widget\" data-widget_type=\"spacer.default\">\n\t\t\t\t<div class=\"elementor-widget-container\">\n\t\t\t\t\t\t\t<div class=\"elementor-spacer\">\n\t\t\t<div class=\"elementor-spacer-inner\"><\/div>\n\t\t<\/div>\n\t\t\t\t\t\t<\/div>\n\t\t\t\t<\/div>\n\t\t\t\t<div class=\"elementor-element elementor-element-a727cce elementor-widget elementor-widget-heading\" data-id=\"a727cce\" data-element_type=\"widget\" data-e-type=\"widget\" data-widget_type=\"heading.default\">\n\t\t\t\t<div class=\"elementor-widget-container\">\n\t\t\t\t\t<h2 class=\"elementor-heading-title elementor-size-default\">Drau Schifffahrt<\/h2>\t\t\t\t<\/div>\n\t\t\t\t<\/div>\n\t\t\t\t<div class=\"elementor-element elementor-element-8f70d83 elementor-widget elementor-widget-text-editor\" data-id=\"8f70d83\" data-element_type=\"widget\" data-e-type=\"widget\" data-widget_type=\"text-editor.default\">\n\t\t\t\t<div class=\"elementor-widget-container\">\n\t\t\t\t\t\t\t\t\t<p><strong>Die Drauschifffahrt in Villach wurde im September 2019 eingestellt. Aktuell finden auf der Drau in Villach somit keine Schifffahrten statt.\u00a0<\/strong><\/p><p>Das ehemalige Drauschiff MS Landskron wurde im Winder 2019\/2020 umfassen saniert und adaptiert und schlie\u00dflich auf den Ossiachersee \u00fcberstellt und am 7.7.2020 auf den neuen Namen MS Gerlitze getauft.\u00a0<\/p><p>Konkrete Pl\u00e4ne f\u00fcr eine Wiederaufnahme der Drauschifffahrt in Villach gibt es aktuell nicht. <br \/>Von Villach aus erreichen Sie den Ossiachersee aber sowohl \u00f6ffentlich als auch privat binnen ca. 15 Minuten. Die Stationen Annenheim und Landskron sind hier der n\u00e4chste Einstieg aus Richtung Villach.\u00a0<\/p>\t\t\t\t\t\t\t\t<\/div>\n\t\t\t\t<\/div>\n\t\t\t\t\t<\/div>\n\t\t<\/div>\n\t\t\t\t\t<\/div>\n\t\t<\/section>\n\t\t\t\t<\/div>","protected":false},"excerpt":{"rendered":"<p>Die Schiffe von Oss Die Familie Nageler betreibt die Schifffahrt am Ossiachersee bereits seit 1957.\u00a0 Die Flotte der Nageler Schifffahrt am Ossiachersee besteht seit 2020 aus zwei modernen, gro\u00dfen Schiffen: Der MS Ossiach und der MS Gerlitze.\u00a0Bis 2019 war die MS Gerlitze auf der Drau in Villach unterwegs. Nun hat sie endlich ihr urspr\u00fcngliches Bestimmungsziel [&hellip;]<\/p>\n","protected":false},"author":1,"featured_media":0,"parent":0,"menu_order":0,"comment_status":"closed","ping_status":"closed","template":"","meta":{"footnotes":""},"class_list":["post-854","page","type-page","status-publish","hentry","entry"],"yoast_head":"<!-- This site is optimized with the Yoast SEO plugin v27.4 - https:\/\/yoast.com\/product\/yoast-seo-wordpress\/ -->\n<title>\u00dcber uns - Die Schiffe von Oss<\/title>\n<meta name=\"description\" content=\"Die MS Ossiach und die MS Gerlitze bilden die Flotte der Ossiachersee Schifffahrt. Erfahren Sie mehr \u00fcber die Schiffe von Oss!\" \/>\n<meta name=\"robots\" content=\"index, follow, max-snippet:-1, max-image-preview:large, max-video-preview:-1\" \/>\n<link rel=\"canonical\" href=\"https:\/\/ossiachersee-schifffahrt.at\/en\/die-schiffe-von-oss\/\" \/>\n<meta property=\"og:locale\" content=\"en_GB\" \/>\n<meta property=\"og:type\" content=\"article\" \/>\n<meta property=\"og:title\" content=\"\u00dcber uns - Die Schiffe von Oss\" \/>\n<meta property=\"og:description\" content=\"Die MS Ossiach und die MS Gerlitze bilden die Flotte der Ossiachersee Schifffahrt. Erfahren Sie mehr \u00fcber die Schiffe von Oss!\" \/>\n<meta property=\"og:url\" content=\"https:\/\/ossiachersee-schifffahrt.at\/en\/die-schiffe-von-oss\/\" \/>\n<meta property=\"og:site_name\" content=\"Die Schiffe von Oss\" \/>\n<meta property=\"article:modified_time\" content=\"2022-07-18T08:16:23+00:00\" \/>\n<meta property=\"og:image\" content=\"https:\/\/ossiachersee-schifffahrt.at\/wp-content\/uploads\/2021\/07\/OSS-freigestellt-3-300x200.png\" \/>\n<meta name=\"twitter:card\" content=\"summary_large_image\" \/>\n<meta name=\"twitter:label1\" content=\"Estimated reading time\" \/>\n\t<meta name=\"twitter:data1\" content=\"5 minutes\" \/>\n<script type=\"application\/ld+json\" class=\"yoast-schema-graph\">{\"@context\":\"https:\\\/\\\/schema.org\",\"@graph\":[{\"@type\":\"WebPage\",\"@id\":\"https:\\\/\\\/ossiachersee-schifffahrt.at\\\/die-schiffe-von-oss\\\/\",\"url\":\"https:\\\/\\\/ossiachersee-schifffahrt.at\\\/die-schiffe-von-oss\\\/\",\"name\":\"\u00dcber uns - Die Schiffe von Oss\",\"isPartOf\":{\"@id\":\"https:\\\/\\\/ossiachersee-schifffahrt.at\\\/#website\"},\"primaryImageOfPage\":{\"@id\":\"https:\\\/\\\/ossiachersee-schifffahrt.at\\\/die-schiffe-von-oss\\\/#primaryimage\"},\"image\":{\"@id\":\"https:\\\/\\\/ossiachersee-schifffahrt.at\\\/die-schiffe-von-oss\\\/#primaryimage\"},\"thumbnailUrl\":\"https:\\\/\\\/ossiachersee-schifffahrt.at\\\/wp-content\\\/uploads\\\/2021\\\/07\\\/OSS-freigestellt-3-300x200.png\",\"datePublished\":\"2021-07-06T11:04:48+00:00\",\"dateModified\":\"2022-07-18T08:16:23+00:00\",\"description\":\"Die MS Ossiach und die MS Gerlitze bilden die Flotte der Ossiachersee Schifffahrt. Erfahren Sie mehr \u00fcber die Schiffe von Oss!\",\"breadcrumb\":{\"@id\":\"https:\\\/\\\/ossiachersee-schifffahrt.at\\\/die-schiffe-von-oss\\\/#breadcrumb\"},\"inLanguage\":\"en-GB\",\"potentialAction\":[{\"@type\":\"ReadAction\",\"target\":[\"https:\\\/\\\/ossiachersee-schifffahrt.at\\\/die-schiffe-von-oss\\\/\"]}]},{\"@type\":\"ImageObject\",\"inLanguage\":\"en-GB\",\"@id\":\"https:\\\/\\\/ossiachersee-schifffahrt.at\\\/die-schiffe-von-oss\\\/#primaryimage\",\"url\":\"https:\\\/\\\/ossiachersee-schifffahrt.at\\\/wp-content\\\/uploads\\\/2021\\\/07\\\/OSS-freigestellt-3-300x200.png\",\"contentUrl\":\"https:\\\/\\\/ossiachersee-schifffahrt.at\\\/wp-content\\\/uploads\\\/2021\\\/07\\\/OSS-freigestellt-3-300x200.png\"},{\"@type\":\"BreadcrumbList\",\"@id\":\"https:\\\/\\\/ossiachersee-schifffahrt.at\\\/die-schiffe-von-oss\\\/#breadcrumb\",\"itemListElement\":[{\"@type\":\"ListItem\",\"position\":1,\"name\":\"Startseite\",\"item\":\"https:\\\/\\\/ossiachersee-schifffahrt.at\\\/\"},{\"@type\":\"ListItem\",\"position\":2,\"name\":\"\u00dcber uns\"}]},{\"@type\":\"WebSite\",\"@id\":\"https:\\\/\\\/ossiachersee-schifffahrt.at\\\/#website\",\"url\":\"https:\\\/\\\/ossiachersee-schifffahrt.at\\\/\",\"name\":\"Die Schiffe von Oss\",\"description\":\"Schifffahrt am Ossiachersee\",\"publisher\":{\"@id\":\"https:\\\/\\\/ossiachersee-schifffahrt.at\\\/#organization\"},\"potentialAction\":[{\"@type\":\"SearchAction\",\"target\":{\"@type\":\"EntryPoint\",\"urlTemplate\":\"https:\\\/\\\/ossiachersee-schifffahrt.at\\\/?s={search_term_string}\"},\"query-input\":{\"@type\":\"PropertyValueSpecification\",\"valueRequired\":true,\"valueName\":\"search_term_string\"}}],\"inLanguage\":\"en-GB\"},{\"@type\":\"Organization\",\"@id\":\"https:\\\/\\\/ossiachersee-schifffahrt.at\\\/#organization\",\"name\":\"Die Schiffe von Oss\",\"url\":\"https:\\\/\\\/ossiachersee-schifffahrt.at\\\/\",\"logo\":{\"@type\":\"ImageObject\",\"inLanguage\":\"en-GB\",\"@id\":\"https:\\\/\\\/ossiachersee-schifffahrt.at\\\/#\\\/schema\\\/logo\\\/image\\\/\",\"url\":\"https:\\\/\\\/ossiachersee-schifffahrt.at\\\/wp-content\\\/uploads\\\/2020\\\/03\\\/350x100.png\",\"contentUrl\":\"https:\\\/\\\/ossiachersee-schifffahrt.at\\\/wp-content\\\/uploads\\\/2020\\\/03\\\/350x100.png\",\"caption\":\"Die Schiffe von Oss\"},\"image\":{\"@id\":\"https:\\\/\\\/ossiachersee-schifffahrt.at\\\/#\\\/schema\\\/logo\\\/image\\\/\"}}]}<\/script>\n<!-- \/ Yoast SEO plugin. -->","yoast_head_json":{"title":"\u00dcber uns - Die Schiffe von Oss","description":"Die MS Ossiach und die MS Gerlitze bilden die Flotte der Ossiachersee Schifffahrt. Erfahren Sie mehr \u00fcber die Schiffe von Oss!","robots":{"index":"index","follow":"follow","max-snippet":"max-snippet:-1","max-image-preview":"max-image-preview:large","max-video-preview":"max-video-preview:-1"},"canonical":"https:\/\/ossiachersee-schifffahrt.at\/en\/die-schiffe-von-oss\/","og_locale":"en_GB","og_type":"article","og_title":"\u00dcber uns - Die Schiffe von Oss","og_description":"Die MS Ossiach und die MS Gerlitze bilden die Flotte der Ossiachersee Schifffahrt. Erfahren Sie mehr \u00fcber die Schiffe von Oss!","og_url":"https:\/\/ossiachersee-schifffahrt.at\/en\/die-schiffe-von-oss\/","og_site_name":"Die Schiffe von Oss","article_modified_time":"2022-07-18T08:16:23+00:00","og_image":[{"url":"https:\/\/ossiachersee-schifffahrt.at\/wp-content\/uploads\/2021\/07\/OSS-freigestellt-3-300x200.png","type":"","width":"","height":""}],"twitter_card":"summary_large_image","twitter_misc":{"Estimated reading time":"5 minutes"},"schema":{"@context":"https:\/\/schema.org","@graph":[{"@type":"WebPage","@id":"https:\/\/ossiachersee-schifffahrt.at\/die-schiffe-von-oss\/","url":"https:\/\/ossiachersee-schifffahrt.at\/die-schiffe-von-oss\/","name":"\u00dcber uns - Die Schiffe von Oss","isPartOf":{"@id":"https:\/\/ossiachersee-schifffahrt.at\/#website"},"primaryImageOfPage":{"@id":"https:\/\/ossiachersee-schifffahrt.at\/die-schiffe-von-oss\/#primaryimage"},"image":{"@id":"https:\/\/ossiachersee-schifffahrt.at\/die-schiffe-von-oss\/#primaryimage"},"thumbnailUrl":"https:\/\/ossiachersee-schifffahrt.at\/wp-content\/uploads\/2021\/07\/OSS-freigestellt-3-300x200.png","datePublished":"2021-07-06T11:04:48+00:00","dateModified":"2022-07-18T08:16:23+00:00","description":"Die MS Ossiach und die MS Gerlitze bilden die Flotte der Ossiachersee Schifffahrt. Erfahren Sie mehr \u00fcber die Schiffe von Oss!","breadcrumb":{"@id":"https:\/\/ossiachersee-schifffahrt.at\/die-schiffe-von-oss\/#breadcrumb"},"inLanguage":"en-GB","potentialAction":[{"@type":"ReadAction","target":["https:\/\/ossiachersee-schifffahrt.at\/die-schiffe-von-oss\/"]}]},{"@type":"ImageObject","inLanguage":"en-GB","@id":"https:\/\/ossiachersee-schifffahrt.at\/die-schiffe-von-oss\/#primaryimage","url":"https:\/\/ossiachersee-schifffahrt.at\/wp-content\/uploads\/2021\/07\/OSS-freigestellt-3-300x200.png","contentUrl":"https:\/\/ossiachersee-schifffahrt.at\/wp-content\/uploads\/2021\/07\/OSS-freigestellt-3-300x200.png"},{"@type":"BreadcrumbList","@id":"https:\/\/ossiachersee-schifffahrt.at\/die-schiffe-von-oss\/#breadcrumb","itemListElement":[{"@type":"ListItem","position":1,"name":"Startseite","item":"https:\/\/ossiachersee-schifffahrt.at\/"},{"@type":"ListItem","position":2,"name":"\u00dcber uns"}]},{"@type":"WebSite","@id":"https:\/\/ossiachersee-schifffahrt.at\/#website","url":"https:\/\/ossiachersee-schifffahrt.at\/","name":"Die Schiffe von Oss","description":"Schifffahrt am Ossiachersee","publisher":{"@id":"https:\/\/ossiachersee-schifffahrt.at\/#organization"},"potentialAction":[{"@type":"SearchAction","target":{"@type":"EntryPoint","urlTemplate":"https:\/\/ossiachersee-schifffahrt.at\/?s={search_term_string}"},"query-input":{"@type":"PropertyValueSpecification","valueRequired":true,"valueName":"search_term_string"}}],"inLanguage":"en-GB"},{"@type":"Organization","@id":"https:\/\/ossiachersee-schifffahrt.at\/#organization","name":"Die Schiffe von Oss","url":"https:\/\/ossiachersee-schifffahrt.at\/","logo":{"@type":"ImageObject","inLanguage":"en-GB","@id":"https:\/\/ossiachersee-schifffahrt.at\/#\/schema\/logo\/image\/","url":"https:\/\/ossiachersee-schifffahrt.at\/wp-content\/uploads\/2020\/03\/350x100.png","contentUrl":"https:\/\/ossiachersee-schifffahrt.at\/wp-content\/uploads\/2020\/03\/350x100.png","caption":"Die Schiffe von Oss"},"image":{"@id":"https:\/\/ossiachersee-schifffahrt.at\/#\/schema\/logo\/image\/"}}]}},"_links":{"self":[{"href":"https:\/\/ossiachersee-schifffahrt.at\/en\/wp-json\/wp\/v2\/pages\/854","targetHints":{"allow":["GET"]}}],"collection":[{"href":"https:\/\/ossiachersee-schifffahrt.at\/en\/wp-json\/wp\/v2\/pages"}],"about":[{"href":"https:\/\/ossiachersee-schifffahrt.at\/en\/wp-json\/wp\/v2\/types\/page"}],"author":[{"embeddable":true,"href":"https:\/\/ossiachersee-schifffahrt.at\/en\/wp-json\/wp\/v2\/users\/1"}],"replies":[{"embeddable":true,"href":"https:\/\/ossiachersee-schifffahrt.at\/en\/wp-json\/wp\/v2\/comments?post=854"}],"version-history":[{"count":41,"href":"https:\/\/ossiachersee-schifffahrt.at\/en\/wp-json\/wp\/v2\/pages\/854\/revisions"}],"predecessor-version":[{"id":1992,"href":"https:\/\/ossiachersee-schifffahrt.at\/en\/wp-json\/wp\/v2\/pages\/854\/revisions\/1992"}],"wp:attachment":[{"href":"https:\/\/ossiachersee-schifffahrt.at\/en\/wp-json\/wp\/v2\/media?parent=854"}],"curies":[{"name":"wp","href":"https:\/\/api.w.org\/{rel}","templated":true}]}}